{"id":4538,"date":"2022-10-12T19:52:56","date_gmt":"2022-10-12T19:52:56","guid":{"rendered":"https:\/\/www.cobdc.net\/gtbescolars\/?page_id=4538"},"modified":"2022-10-24T08:08:12","modified_gmt":"2022-10-24T08:08:12","slug":"einesgestiofons","status":"publish","type":"page","link":"https:\/\/www.cobdc.net\/gtbescolars\/einesgestiofons\/","title":{"rendered":"Eines de gesti\u00f3 del fons"},"content":{"rendered":"<div class=\"wpb-content-wrapper\">[vc_row bg_type=&#8221;image&#8221; parallax_style=&#8221;vcpb-default&#8221; bg_image_new=&#8221;id^4545|url^http:\/\/www.cobdc.net\/gtbescolars\/wp-content\/uploads\/2022\/10\/Fons-biblioteca-1-e1665606381944.jpg|caption^Cap\u00e7alera Eines de Gesti\u00f3 de Fons|alt^Cap\u00e7alera Eines de Gesti\u00f3 de Fons|title^Cap\u00e7alera Eines de Gesti\u00f3 de Fons|description^Cap\u00e7alera Eines de Gesti\u00f3 de Fons&#8221; bg_image_repeat=&#8221;no-repeat&#8221; bg_image_posiiton=&#8221;bottom top&#8221; enable_overlay=&#8221;enable_overlay_value&#8221; overlay_color=&#8221;rgba(10,10,10,0.7)&#8221; overlay_pattern=&#8221;transperant&#8221; css=&#8221;.vc_custom_1665606428217{margin-bottom: 0px !important;}&#8221; el_class=&#8221;mobile-pad&#8221;][vc_column css=&#8221;.vc_custom_1457639811633{padding-right: 0px !important;padding-left: 0px !important;}&#8221;]<div class=\"ult-spacer spacer-69f5b2c956104\" data-id=\"69f5b2c956104\" data-height=\"70\" data-height-mobile=\"30\" data-height-tab=\"50\" data-height-tab-portrait=\"50\" data-height-mobile-landscape=\"30\" style=\"clear:both;display:block;\"><\/div><div id=\"ultimate-heading-749069f5b2c956134\" class=\"uvc-heading ult-adjust-bottom-margin ultimate-heading-749069f5b2c956134 uvc-3071 \" data-hspacer=\"no_spacer\"  data-halign=\"center\" style=\"text-align:center\"><div class=\"uvc-heading-spacer no_spacer\" style=\"top\"><\/div><div class=\"uvc-main-heading ult-responsive\"  data-ultimate-target='.uvc-heading.ultimate-heading-749069f5b2c956134 h2'  data-responsive-json-new='{\"font-size\":\"desktop:55px;\",\"line-height\":\"desktop:65px;\"}' ><h2 style=\"font-weight:bold;color:#ffffff;\">Eines de gesti\u00f3 del fons<\/h2><\/div><div class=\"uvc-sub-heading ult-responsive\"  data-ultimate-target='.uvc-heading.ultimate-heading-749069f5b2c956134 .uvc-sub-heading '  data-responsive-json-new='{\"font-size\":\"desktop:18px;\",\"line-height\":\"\"}'  style=\"font-weight:normal;color:#ffffff;margin-top:12px;\">Quines eines s\u00f3n \u00fatils per gestionar el fons?<\/div><\/div><div class=\"ult-spacer spacer-69f5b2c956152\" data-id=\"69f5b2c956152\" data-height=\"70\" data-height-mobile=\"30\" data-height-tab=\"50\" data-height-tab-portrait=\"50\" data-height-mobile-landscape=\"30\" style=\"clear:both;display:block;\"><\/div>[\/vc_column][\/vc_row][vc_row][vc_column]<div class=\"ult-spacer spacer-69f5b2c95615c\" data-id=\"69f5b2c95615c\" data-height=\"70\" data-height-mobile=\"30\" data-height-tab=\"50\" data-height-tab-portrait=\"50\" data-height-mobile-landscape=\"30\" style=\"clear:both;display:block;\"><\/div>[\/vc_column][\/vc_row][vc_row acw=&#8221;0&#8243; bg_type=&#8221;image&#8221; parallax_style=&#8221;vcpb-default&#8221; bg_image_new=&#8221;id^4545|url^http:\/\/www.cobdc.net\/gtbescolars\/wp-content\/uploads\/2022\/10\/Fons-biblioteca-1-e1665605282603.jpg|caption^Cap\u00e7alera Eines de Gesti\u00f3 de Fons|alt^Cap\u00e7alera Eines de Gesti\u00f3 de Fons|title^Cap\u00e7alera Eines de Gesti\u00f3 de Fons|description^Cap\u00e7alera Eines de Gesti\u00f3 de Fons&#8221; bg_image_repeat=&#8221;no-repeat&#8221; css=&#8221;.vc_custom_1665605488001{margin-bottom: 0px !important;}&#8221;][vc_column width=&#8221;1\/2&#8243;][vc_column_text css=&#8221;.vc_custom_1665599200887{padding-left: 20px !important;}&#8221;][\/vc_column_text][\/vc_column][vc_column width=&#8221;1\/2&#8243; css=&#8221;.vc_custom_1456464781538{background-color: rgba(255,255,255,0.95) !important;*background-color: rgb(255,255,255) !important;}&#8221;]<div class=\"ult-spacer spacer-69f5b2c956166\" data-id=\"69f5b2c956166\" data-height=\"30\" data-height-mobile=\"0\" data-height-tab=\"10\" data-height-tab-portrait=\"10\" data-height-mobile-landscape=\"0\" style=\"clear:both;display:block;\"><\/div>[vc_row_inner el_class=&#8221;welcome-max&#8221; css=&#8221;.vc_custom_1457549157769{margin: 0px !important;padding: 0px !important;}&#8221;][vc_column_inner][vc_column_text css_animation=&#8221;right-to-left&#8221; css=&#8221;.vc_custom_1666598887893{margin-top: 20px !important;}&#8221;]\n<h4 class=\"color-text\" style=\"margin-top: 0px; margin-bottom: 20px;\"><span style=\"color: #2a9675;\">Quines eines recomanem per la gestionar el fons?<\/span><\/h4>\n<h5 style=\"text-align: justify;\">Epergam<\/h5>\n<p style=\"text-align: justify;\">L&#8217;Ep\u00e8rgam \u00e9s l\u2019aplicaci\u00f3 inform\u00e0tica que proporciona el Departament d&#8217;Educaci\u00f3 de la Generalitat als centres educatius d&#8217;educaci\u00f3 no-universit\u00e0ria de Catalunya. Aquesta aplicaci\u00f3 inclou la creaci\u00f3 autom\u00e0tica de la base de dades d\u2019alumnat i personal del centre. Tamb\u00e9 permet la catalogaci\u00f3 dels documents, la gesti\u00f3 del pr\u00e9stec i del cat\u00e0leg, consultes i altres utilitats.<\/p>\n<p style=\"text-align: justify;\">A hores d&#8217;ara un punt molt important a contemplar, \u00e9s que el Departament est\u00e0 estudiant la possibilitat de la substituci\u00f3 d&#8217;aquesta eina per una altra de m\u00e9s actual.<\/p>\n<p style=\"text-align: justify;\">Per aprendre a fer servir l&#8217;Epergam us recomanem els seg\u00fcents recursos:<\/p>\n<ul style=\"text-align: justify;\">\n<li>Aqu\u00ed podeu accedir al <a href=\"https:\/\/ateneu.xtec.cat\/wikiform\/wikiexport\/cmd\/bib\/be1e\/index?_ga=2.164684351.1663242848.1620718446-1404945786.16177308677\">curs de formaci\u00f3 de l\u2019Ep\u00e8rgam<\/a><\/li>\n<li>Dues c\u00e0psules informatives:\n<ul>\n<li>una de <a href=\"http:\/\/xtec.gencat.cat\/web\/.content\/projectes\/biblioteca\/epergam\/documents\/CapsulaCATALOGACIO.pdf\">catalogaci\u00f3 ,<\/a><\/li>\n<li>i l\u2019altra de <a href=\"https:\/\/xtec.gencat.cat\/web\/.content\/projectes\/biblioteca\/epergam\/documents\/CapsulaDIFUSIO.pdf\">difusi\u00f3 i visualitzaci\u00f3.<\/a><\/li>\n<\/ul>\n<\/li>\n<li><a href=\"http:\/\/www.xtec.cat\/crp-pladelestany\/puntedu\/formacio\/taulacdu.pdf\">Adaptaci\u00f3 de la CDU<\/a> (Classificaci\u00f3 Decimal Universal) per a les biblioteques escolars<\/li>\n<\/ul>\n<h5 style=\"text-align: justify;\">Altres cat\u00e0legs<\/h5>\n<p style=\"text-align: justify;\">A l\u2019hora de catalogar ens pot ser molt \u00fatil resoldre les dades de catalogaci\u00f3 consultant altres cat\u00e0legs. Una opci\u00f3 tamb\u00e9 \u00e9s copiar les dades que ja hi figuren a aquests en lloc d\u2019introduir-les manualment al nostre. Si us trobeu amb un llibre no catalogat a cap altre centre, podeu consultar els seg\u00fcents cat\u00e0legs:<\/p>\n<ul>\n<li style=\"text-align: justify;\"><a href=\"https:\/\/explora.bnc.cat\/discovery\/search?vid=34CSUC_BC:VU1\">Cat\u00e0leg de la Biblioteca de Catalunya<\/a>. \u00c9s la biblioteca patrimonial de Catalunya. Qualsevol llibre publicat en llengua catalana i\/o a Catalunya el trobareu aqu\u00ed.<\/li>\n<li style=\"text-align: justify;\"><a href=\"http:\/\/cataleg.atena.biblioteques.cat\/iii\/encore\/?lang=cat&amp;suite=def\">Atena<\/a>. \u00c9s el cat\u00e0leg col\u00b7lectiu de les biblioteques p\u00fabliques de Catalunya.<\/li>\n<\/ul>\n[\/vc_column_text][\/vc_column_inner][\/vc_row_inner]<div class=\"ult-spacer spacer-69f5b2c95616e\" data-id=\"69f5b2c95616e\" data-height=\"70\" data-height-mobile=\"30\" data-height-tab=\"50\" data-height-tab-portrait=\"50\" data-height-mobile-landscape=\"30\" style=\"clear:both;display:block;\"><\/div>[\/vc_column][\/vc_row]\n<\/div>","protected":false},"excerpt":{"rendered":"<p>[vc_row bg_type=&#8221;image&#8221; parallax_style=&#8221;vcpb-default&#8221; bg_image_new=&#8221;id^4545|url^http:\/\/www.cobdc.net\/gtbescolars\/wp-content\/uploads\/2022\/10\/Fons-biblioteca-1-e1665606381944.jpg|caption^Cap\u00e7alera Eines de Gesti\u00f3 de Fons|alt^Cap\u00e7alera Eines de Gesti\u00f3 de Fons|title^Cap\u00e7alera Eines de Gesti\u00f3 de Fons|description^Cap\u00e7alera Eines de Gesti\u00f3 de Fons&#8221; bg_image_repeat=&#8221;no-repeat&#8221; bg_image_posiiton=&#8221;bottom top&#8221; enable_overlay=&#8221;enable_overlay_value&#8221; overlay_color=&#8221;rgba(10,10,10,0.7)&#8221; overlay_pattern=&#8221;transperant&#8221; [&hellip;]<\/p>\n","protected":false},"author":2,"featured_media":0,"parent":0,"menu_order":0,"comment_status":"closed","ping_status":"closed","template":"","meta":{"nf_dc_page":"","footnotes":""},"class_list":["post-4538","page","type-page","status-publish","hentry"],"jetpack_sharing_enabled":true,"_links":{"self":[{"href":"https:\/\/www.cobdc.net\/gtbescolars\/wp-json\/wp\/v2\/pages\/4538","targetHints":{"allow":["GET"]}}],"collection":[{"href":"https:\/\/www.cobdc.net\/gtbescolars\/wp-json\/wp\/v2\/pages"}],"about":[{"href":"https:\/\/www.cobdc.net\/gtbescolars\/wp-json\/wp\/v2\/types\/page"}],"author":[{"embeddable":true,"href":"https:\/\/www.cobdc.net\/gtbescolars\/wp-json\/wp\/v2\/users\/2"}],"replies":[{"embeddable":true,"href":"https:\/\/www.cobdc.net\/gtbescolars\/wp-json\/wp\/v2\/comments?post=4538"}],"version-history":[{"count":5,"href":"https:\/\/www.cobdc.net\/gtbescolars\/wp-json\/wp\/v2\/pages\/4538\/revisions"}],"predecessor-version":[{"id":4658,"href":"https:\/\/www.cobdc.net\/gtbescolars\/wp-json\/wp\/v2\/pages\/4538\/revisions\/4658"}],"wp:attachment":[{"href":"https:\/\/www.cobdc.net\/gtbescolars\/wp-json\/wp\/v2\/media?parent=4538"}],"curies":[{"name":"wp","href":"https:\/\/api.w.org\/{rel}","templated":true}]}}