{"id":4514,"date":"2022-10-12T08:27:45","date_gmt":"2022-10-12T08:27:45","guid":{"rendered":"https:\/\/www.cobdc.net\/gtbescolars\/?page_id=4514"},"modified":"2022-10-23T18:37:42","modified_gmt":"2022-10-23T18:37:42","slug":"dissenyespai","status":"publish","type":"page","link":"https:\/\/www.cobdc.net\/gtbescolars\/dissenyespai\/","title":{"rendered":"Disseny de l\u2019espai"},"content":{"rendered":"<div class=\"wpb-content-wrapper\">[vc_row bg_type=&#8221;image&#8221; parallax_style=&#8221;vcpb-default&#8221; bg_image_new=&#8221;id^4535|url^http:\/\/www.cobdc.net\/gtbescolars\/wp-content\/uploads\/2022\/10\/Biblioteca-Rosa-Oriol-1.jpg|caption^Cap\u00e7alera Biblioteca Escola Rosa Oriol|alt^Cap\u00e7alera Biblioteca Escola Rosa Oriol|title^Cap\u00e7alera Biblioteca Escola Rosa Oriol|description^Cap\u00e7alera Biblioteca Escola Rosa Oriol&#8221; bg_image_repeat=&#8221;no-repeat&#8221; bg_image_posiiton=&#8221;bottom top&#8221; enable_overlay=&#8221;enable_overlay_value&#8221; overlay_color=&#8221;rgba(10,10,10,0.7)&#8221; overlay_pattern=&#8221;transperant&#8221; css=&#8221;.vc_custom_1665599339791{margin-bottom: 0px !important;}&#8221; el_class=&#8221;mobile-pad&#8221;][vc_column css=&#8221;.vc_custom_1457639811633{padding-right: 0px !important;padding-left: 0px !important;}&#8221;]<div class=\"ult-spacer spacer-69f5b2e530c9f\" data-id=\"69f5b2e530c9f\" data-height=\"70\" data-height-mobile=\"30\" data-height-tab=\"50\" data-height-tab-portrait=\"50\" data-height-mobile-landscape=\"30\" style=\"clear:both;display:block;\"><\/div><div id=\"ultimate-heading-19469f5b2e530cd1\" class=\"uvc-heading ult-adjust-bottom-margin ultimate-heading-19469f5b2e530cd1 uvc-1875 \" data-hspacer=\"no_spacer\"  data-halign=\"center\" style=\"text-align:center\"><div class=\"uvc-heading-spacer no_spacer\" style=\"top\"><\/div><div class=\"uvc-main-heading ult-responsive\"  data-ultimate-target='.uvc-heading.ultimate-heading-19469f5b2e530cd1 h2'  data-responsive-json-new='{\"font-size\":\"desktop:55px;\",\"line-height\":\"desktop:65px;\"}' ><h2 style=\"font-weight:bold;color:#ffffff;\">Disseny de l\u2019espai<\/h2><\/div><div class=\"uvc-sub-heading ult-responsive\"  data-ultimate-target='.uvc-heading.ultimate-heading-19469f5b2e530cd1 .uvc-sub-heading '  data-responsive-json-new='{\"font-size\":\"desktop:18px;\",\"line-height\":\"\"}'  style=\"font-weight:normal;color:#ffffff;margin-top:12px;\"><span style=\"font-weight: 400;\">Consells i recomanacions per a organitzar l\u2019espai de la biblioteca escolar<\/span><\/div><\/div><div class=\"ult-spacer spacer-69f5b2e530cf0\" data-id=\"69f5b2e530cf0\" data-height=\"70\" data-height-mobile=\"30\" data-height-tab=\"50\" data-height-tab-portrait=\"50\" data-height-mobile-landscape=\"30\" style=\"clear:both;display:block;\"><\/div>[\/vc_column][\/vc_row][vc_row][vc_column]<div class=\"ult-spacer spacer-69f5b2e530cfb\" data-id=\"69f5b2e530cfb\" data-height=\"70\" data-height-mobile=\"30\" data-height-tab=\"50\" data-height-tab-portrait=\"50\" data-height-mobile-landscape=\"30\" style=\"clear:both;display:block;\"><\/div>[\/vc_column][\/vc_row][vc_row acw=&#8221;0&#8243; bg_type=&#8221;image&#8221; parallax_style=&#8221;vcpb-default&#8221; bg_image_new=&#8221;id^4532|url^http:\/\/www.cobdc.net\/gtbescolars\/wp-content\/uploads\/2022\/10\/Planol-arquitectura.jpg|caption^dise\u00f1o arquitectura|alt^Planol Arquitectura|title^Planol arquitectura|description^dise\u00f1o arquitectura&#8221; bg_image_repeat=&#8221;no-repeat&#8221; css=&#8221;.vc_custom_1665599138352{margin-bottom: 0px !important;}&#8221;][vc_column width=&#8221;1\/2&#8243;][vc_column_text css=&#8221;.vc_custom_1665599200887{padding-left: 20px !important;}&#8221;][\/vc_column_text][\/vc_column][vc_column width=&#8221;1\/2&#8243; css=&#8221;.vc_custom_1456464781538{background-color: rgba(255,255,255,0.95) !important;*background-color: rgb(255,255,255) !important;}&#8221;]<div class=\"ult-spacer spacer-69f5b2e530d05\" data-id=\"69f5b2e530d05\" data-height=\"30\" data-height-mobile=\"0\" data-height-tab=\"10\" data-height-tab-portrait=\"10\" data-height-mobile-landscape=\"0\" style=\"clear:both;display:block;\"><\/div>[vc_row_inner el_class=&#8221;welcome-max&#8221; css=&#8221;.vc_custom_1457549157769{margin: 0px !important;padding: 0px !important;}&#8221;][vc_column_inner][vc_column_text css_animation=&#8221;right-to-left&#8221; css=&#8221;.vc_custom_1666550133372{margin-top: 20px !important;}&#8221;]\n<h4 class=\"color-text\" style=\"margin-top: 0px; margin-bottom: 20px; text-align: justify;\"><span style=\"color: #2a9675;\">Consells i <\/span><span style=\"color: #2a9675;\">recomanacions<\/span><\/h4>\n<h5 style=\"text-align: justify;\">Consells generals<\/h5>\n<p style=\"text-align: justify;\"><strong>Ubicaci\u00f3 i espai<\/strong><\/p>\n<ul style=\"text-align: justify;\">\n<li>C\u00e8ntrica (a la planta baixa si es pot)<\/li>\n<li>Accessible. Propera a l&#8217;entrada de l&#8217;escola i a les \u00e0rees docents<\/li>\n<li>A\u00efllada del soroll exterior. Intentarem que no estigui a prop del pati o dels llocs m\u00e9s sorollosos del centre<\/li>\n<li>Il\u00b7luminaci\u00f3 adequada (natural i artificial)<\/li>\n<li>Temperatura controlada<\/li>\n<li>Dimensions adequades tenint en compte: fons, magatzem, \u00e0rees estudi, lectura informal, zona TIC, exposici\u00f3, treball t\u00e8cnic, etc.<\/li>\n<li>Flexibilitat (mobiliari amb rodes, modular, etc.)<\/li>\n<\/ul>\n<p style=\"text-align: justify;\"><b>Seccions<\/b><\/p>\n<ul style=\"text-align: justify;\">\n<li style=\"font-weight: 400;\" aria-level=\"1\"><span style=\"font-weight: 400;\">Zona de treball intern: La zona de treball de la persona encarregada ha de comptar amb un taulell prou gran per dur a terme el treball t\u00e8cnic, per\u00f2 tamb\u00e9 per emmagatzemar el material necessari i els documents pendents de tramitar (catalogaci\u00f3 i retorn de pr\u00e9stecs).<\/span><\/li>\n<li style=\"font-weight: 400;\" aria-level=\"1\"><span style=\"font-weight: 400;\">Zona d&#8217;estudi i de recerca: Tant llocs de treball individual com per a grups (per petits, grans i mestres)<\/span><\/li>\n<li style=\"font-weight: 400;\" aria-level=\"1\"><span style=\"font-weight: 400;\">Zona lectura informal: Totes les recomanacions suggereixen tenir espais de lectura relaxada. En tindrem tant per l&#8217;alumnat com pel professorat <\/span><\/li>\n<li style=\"font-weight: 400;\" aria-level=\"1\"><span style=\"font-weight: 400;\">Zona de presentacions: La biblioteca ha d&#8217;estar preparada per acollir xerrades i presentacions.\u00a0 Per aix\u00f2 cal comptar amb amb equipaments l&#8217;equipament necessari (pissarra digital\/projector, ordinadors, etc.).<\/span><\/li>\n<li style=\"font-weight: 400;\" aria-level=\"1\"><span style=\"font-weight: 400;\">Zona ofim\u00e0tica\/Internet: Pot ser amb ordinadors de sobretaula, per\u00f2 si hi ha poc espai, poseu nom\u00e9s un o dos per consulta de cat\u00e0leg i un carro de port\u00e0tils o tauletes a la zona d\u2019estudi i recerca.<\/span><\/li>\n<\/ul>\n<p style=\"text-align: justify;\"><b>Mobiliari i equipament<\/b><\/p>\n<ul style=\"text-align: justify;\">\n<li style=\"font-weight: 400;\" aria-level=\"1\"><span style=\"font-weight: 400;\">Prestatges oberts i regulables (i de qualitat). Es desaconsella els prestatges amb portes de qualsevol tipus.<\/span><\/li>\n<li style=\"font-weight: 400;\" aria-level=\"1\"><span style=\"font-weight: 400;\">Mobiliari atractiu, robust i ergon\u00f2mic<\/span><\/li>\n<li style=\"font-weight: 400;\" aria-level=\"1\"><span style=\"font-weight: 400;\">El mobiliari auxiliar pot ser apilable sempre que sigui possible (pufs, taules\/cadires auxiliars, etc.)<\/span><\/li>\n<li style=\"font-weight: 400;\" aria-level=\"1\"><span style=\"font-weight: 400;\">Hem de contemplar que a la biblioteca no nom\u00e9s n&#8217;hi han llibres, per tant aquest mobiliari ha de ser adequat per als diferents suports (llibres, c\u00f2mics, \u00e0lbums, revistes\u2026)<\/span><\/li>\n<li style=\"font-weight: 400;\" aria-level=\"1\"><span style=\"font-weight: 400;\">Allunyeu-vos de la imatge i els mobles que l&#8217;alumnat es troba a l&#8217;aula. La biblioteca escolar no s&#8217;hi pot assemblar<\/span><\/li>\n<li style=\"font-weight: 400;\" aria-level=\"1\"><span style=\"font-weight: 400;\">Distribuci\u00f3 flexible i funcional que permeti apartar els mobles en cas necessari, per acollir altres activitats<\/span><\/li>\n<\/ul>\n<h5 style=\"text-align: justify;\">Documentaci\u00f3 recomanada<\/h5>\n<p style=\"text-align: justify;\"><a href=\"https:\/\/drive.google.com\/file\/d\/0BxxF-lL4fG-yMnczaUgxQ3ZSSnl6aVh4Y2tOV0pyZw\/view\">Mobiliari de refer\u00e8ncia per a la biblioteca escolar<\/a> (Departament d\u2019Educaci\u00f3). Orientacions i propostes de diferent tipus de mobiliari amb la finalitat que els centres educatius trobin recomanacions sobre disseny de taules, cadires, taulells d\u2019informaci\u00f3, prestatgeries, i mobiliaris auxiliars per a la biblioteca escolar.<\/p>\n<p style=\"text-align: justify;\"><a href=\"https:\/\/www.juntadeandalucia.es\/educacion\/portals\/delegate\/content\/97814835-50db-44fa-974a-1a7477eaef81\">Organizaci\u00f3n y funcionamiento de la biblioteca escolar: Tareas b\u00e1sicas<\/a> (Document de refer\u00e8ncia a las biblioteques escolars, de la <em>Junta de Andaluc\u00eda<\/em>). A les planes 12-14 trobareu recomanacions sobre l\u2019espai de la biblioteca. Cont\u00e9 un cos bibliogr\u00e0fic comentat i s\u2019aborden continguts relacionats amb les tasques b\u00e0siques per a posar en marxa i transformar la biblioteca escolar del centre.<\/p>\n<p style=\"text-align: justify;\"><a href=\"https:\/\/xtec.gencat.cat\/web\/.content\/projectes\/biblioteca\/biblioteca-escolar-en-el-segle-xxi\/documents\/11_baena.pdf\">L\u2019organitzaci\u00f3 de l\u2019espai de la biblioteca escolar al segle XXI<\/a>, publicat al <a href=\"https:\/\/xtec.gencat.cat\/ca\/projectes\/biblioteca\/biblioteca-escolar-en-el-segle-xxi\/\"><em>Monogr\u00e0fic BE21<\/em><\/a> pel Departament d\u2019Educaci\u00f3, \u00e9s un breu article amb recomanacions sobre l\u2019organitzaci\u00f3 de l\u2019espai de la biblioteca.<\/p>\n[\/vc_column_text][\/vc_column_inner][\/vc_row_inner]<div class=\"ult-spacer spacer-69f5b2e530d0d\" data-id=\"69f5b2e530d0d\" data-height=\"70\" data-height-mobile=\"30\" data-height-tab=\"50\" data-height-tab-portrait=\"50\" data-height-mobile-landscape=\"30\" style=\"clear:both;display:block;\"><\/div>[\/vc_column][\/vc_row]\n<\/div>","protected":false},"excerpt":{"rendered":"<p>[vc_row bg_type=&#8221;image&#8221; parallax_style=&#8221;vcpb-default&#8221; bg_image_new=&#8221;id^4535|url^http:\/\/www.cobdc.net\/gtbescolars\/wp-content\/uploads\/2022\/10\/Biblioteca-Rosa-Oriol-1.jpg|caption^Cap\u00e7alera Biblioteca Escola Rosa Oriol|alt^Cap\u00e7alera Biblioteca Escola Rosa Oriol|title^Cap\u00e7alera Biblioteca Escola Rosa Oriol|description^Cap\u00e7alera Biblioteca Escola Rosa Oriol&#8221; bg_image_repeat=&#8221;no-repeat&#8221; bg_image_posiiton=&#8221;bottom top&#8221; enable_overlay=&#8221;enable_overlay_value&#8221; overlay_color=&#8221;rgba(10,10,10,0.7)&#8221; overlay_pattern=&#8221;transperant&#8221; css=&#8221;.vc_custom_1665599339791{margin-bottom: 0px !important;}&#8221; el_class=&#8221;mobile-pad&#8221;][vc_column [&hellip;]<\/p>\n","protected":false},"author":2,"featured_media":0,"parent":0,"menu_order":0,"comment_status":"closed","ping_status":"closed","template":"","meta":{"nf_dc_page":"","footnotes":""},"class_list":["post-4514","page","type-page","status-publish","hentry"],"jetpack_sharing_enabled":true,"_links":{"self":[{"href":"https:\/\/www.cobdc.net\/gtbescolars\/wp-json\/wp\/v2\/pages\/4514","targetHints":{"allow":["GET"]}}],"collection":[{"href":"https:\/\/www.cobdc.net\/gtbescolars\/wp-json\/wp\/v2\/pages"}],"about":[{"href":"https:\/\/www.cobdc.net\/gtbescolars\/wp-json\/wp\/v2\/types\/page"}],"author":[{"embeddable":true,"href":"https:\/\/www.cobdc.net\/gtbescolars\/wp-json\/wp\/v2\/users\/2"}],"replies":[{"embeddable":true,"href":"https:\/\/www.cobdc.net\/gtbescolars\/wp-json\/wp\/v2\/comments?post=4514"}],"version-history":[{"count":5,"href":"https:\/\/www.cobdc.net\/gtbescolars\/wp-json\/wp\/v2\/pages\/4514\/revisions"}],"predecessor-version":[{"id":4643,"href":"https:\/\/www.cobdc.net\/gtbescolars\/wp-json\/wp\/v2\/pages\/4514\/revisions\/4643"}],"wp:attachment":[{"href":"https:\/\/www.cobdc.net\/gtbescolars\/wp-json\/wp\/v2\/media?parent=4514"}],"curies":[{"name":"wp","href":"https:\/\/api.w.org\/{rel}","templated":true}]}}