{"id":4457,"date":"2022-10-09T07:19:00","date_gmt":"2022-10-09T07:19:00","guid":{"rendered":"https:\/\/www.cobdc.net\/gtbescolars\/?page_id=4457"},"modified":"2022-11-06T11:36:54","modified_gmt":"2022-11-06T11:36:54","slug":"contractacio-2","status":"publish","type":"page","link":"https:\/\/www.cobdc.net\/gtbescolars\/contractacio-2\/","title":{"rendered":"Contractaci\u00f3"},"content":{"rendered":"<div class=\"wpb-content-wrapper\">[vc_row bg_type=&#8221;image&#8221; parallax_style=&#8221;vcpb-default&#8221; bg_image_new=&#8221;id^4461|url^http:\/\/www.cobdc.net\/gtbescolars\/wp-content\/uploads\/2022\/10\/Contratacio.jpg|caption^null|alt^Encaixada de mans cap\u00e7alera|title^Contrataci\u00f3|description^null&#8221; bg_image_repeat=&#8221;no-repeat&#8221; bg_image_posiiton=&#8221;bottom top&#8221; enable_overlay=&#8221;enable_overlay_value&#8221; overlay_color=&#8221;rgba(10,10,10,0.7)&#8221; overlay_pattern=&#8221;transperant&#8221; css=&#8221;.vc_custom_1665300306943{margin-bottom: 0px !important;}&#8221; el_class=&#8221;mobile-pad&#8221;][vc_column css=&#8221;.vc_custom_1457639811633{padding-right: 0px !important;padding-left: 0px !important;}&#8221;]<div class=\"ult-spacer spacer-69f5b2fd01a09\" data-id=\"69f5b2fd01a09\" data-height=\"70\" data-height-mobile=\"30\" data-height-tab=\"50\" data-height-tab-portrait=\"50\" data-height-mobile-landscape=\"30\" style=\"clear:both;display:block;\"><\/div><div id=\"ultimate-heading-365169f5b2fd01a42\" class=\"uvc-heading ult-adjust-bottom-margin ultimate-heading-365169f5b2fd01a42 uvc-1090 \" data-hspacer=\"no_spacer\"  data-halign=\"center\" style=\"text-align:center\"><div class=\"uvc-heading-spacer no_spacer\" style=\"top\"><\/div><div class=\"uvc-main-heading ult-responsive\"  data-ultimate-target='.uvc-heading.ultimate-heading-365169f5b2fd01a42 h2'  data-responsive-json-new='{\"font-size\":\"desktop:55px;\",\"line-height\":\"desktop:65px;\"}' ><h2 style=\"font-weight:bold;color:#ffffff;\">Contractaci\u00f3<\/h2><\/div><div class=\"uvc-sub-heading ult-responsive\"  data-ultimate-target='.uvc-heading.ultimate-heading-365169f5b2fd01a42 .uvc-sub-heading '  data-responsive-json-new='{\"font-size\":\"desktop:18px;\",\"line-height\":\"\"}'  style=\"font-weight:normal;color:#ffffff;margin-top:12px;\">Volem contractar personal bibliotecari. Qu\u00e8 hem de fer?<\/div><\/div><div class=\"ult-spacer spacer-69f5b2fd01a63\" data-id=\"69f5b2fd01a63\" data-height=\"70\" data-height-mobile=\"30\" data-height-tab=\"50\" data-height-tab-portrait=\"50\" data-height-mobile-landscape=\"30\" style=\"clear:both;display:block;\"><\/div>[\/vc_column][\/vc_row][vc_row][vc_column]<div class=\"ult-spacer spacer-69f5b2fd01a6f\" data-id=\"69f5b2fd01a6f\" data-height=\"70\" data-height-mobile=\"30\" data-height-tab=\"50\" data-height-tab-portrait=\"50\" data-height-mobile-landscape=\"30\" style=\"clear:both;display:block;\"><\/div>[\/vc_column][\/vc_row][vc_row bg_type=&#8221;bg_color&#8221; css=&#8221;.vc_custom_1457541606695{margin-bottom: 0px !important;}&#8221; el_class=&#8221;mobile-pad&#8221;][vc_column width=&#8221;1\/2&#8243;][vc_column_text css_animation=&#8221;left-to-right&#8221; el_class=&#8221;text-right&#8221;]\n<h3>Fes clic al v\u00eddeo i descobreix perqu\u00e8<br \/>\ncontractar personal bibliotecari<br \/>\nprofessional<\/h3>\n[\/vc_column_text][\/vc_column][vc_column width=&#8221;1\/2&#8243;][vc_row_inner css=&#8221;.vc_custom_1441996589555{margin: 0px !important;padding: 0px !important;}&#8221;][vc_column_inner width=&#8221;1\/2&#8243;]<div id=\"modal-trg-txt-wrap-2586\" class=\"ult-modal-input-wrapper ult-adjust-bottom-margin    \" data-keypress-control=\"keypress-control-enable\" data-overlay-control=\"overlay-control-enable\"><img decoding=\"async\" src=\"https:\/\/i0.wp.com\/www.cobdc.net\/gtbescolars\/wp-content\/uploads\/2022\/10\/Videocamara.png?fit=128%2C82&#038;ssl=1\" alt=\"Reproduir v\u00eddeo\" data-class-id=\"content-69f5b2fd01aa14-26985863\" class=\"ult-modal-img overlay-show ult-align-left ult-modal-image-\" data-overlay-class=\"overlay-cornerbottomleft\"\/><\/div>\n<div class=\"ult-overlay content-69f5b2fd01aa14-26985863 \" data-class=\"content-69f5b2fd01aa14-26985863\" id=\"button-click-overlay\" style=\"background:rgba(42,150,117,0.8); display:none;\">\n\t<div class=\"ult_modal ult-fade ult-small\">\n\t\t<div id=\"ult-modal-wrap-4306\" class=\"ult_modal-content ult-hide\" style=\"border-style:solid;border-width:2px;border-radius:0px;border-color:#333333;\">\n\t\t\t<div  data-ultimate-target='#ult-modal-wrap-4306 .ult_modal-body'  data-responsive-json-new='{\"font-size\":\"\",\"line-height\":\"\"}'  class=\"ult_modal-body ult-responsive ult-youtube\" style=\"\">\n\t\t\t<iframe loading=\"lazy\" src=\"https:\/\/www.youtube.com\/embed\/2mBFFcrHKbg\" width=\"430\" height=\"285\" allowfullscreen=\"allowfullscreen\"><\/iframe>\n\t\t\t<\/div>\n\t<\/div>\n\t<\/div>\n\t<div class=\"ult-overlay-close top-right\" style=\"width:80px;height:80px; background-color: #2a9675;border-radius: 50%;padding:10px;box-sizing: content-box;\"><div class=\"ult-overlay-close-inside\">Close<\/div><\/div>\n<\/div>[\/vc_column_inner][vc_column_inner width=&#8221;1\/2&#8243;][vc_column_text]\n<p style=\"text-align: justify;\">Fa m\u00e9s de 30 anys que tenim proves de l&#8217;impacte positiu que t\u00e9 per l&#8217;alumnat i el professorat d&#8217;un centre disposar de personal bibliotecari professional i titulat a la seva biblioteca.<\/p>\n[\/vc_column_text][\/vc_column_inner][\/vc_row_inner]<div class=\"ult-spacer spacer-69f5b2fd01c68\" data-id=\"69f5b2fd01c68\" data-height=\"25\" data-height-mobile=\"15\" data-height-tab=\"20\" data-height-tab-portrait=\"20\" data-height-mobile-landscape=\"15\" style=\"clear:both;display:block;\"><\/div>[vc_row_inner css=&#8221;.vc_custom_1457548542088{margin-top: 0px !important;margin-right: 0px !important;margin-bottom: 0px !important;margin-left: 0px !important;padding-top: 0px !important;padding-right: 0px !important;padding-bottom: 0px !important;padding-left: 0px !important;}&#8221;][vc_column_inner width=&#8221;1\/2&#8243;][vc_column_text]\n<p style=\"text-align: justify;\"><strong><em>M\u00e9s de 34 estudis (nom\u00e9s a EEUU) indiquen que els estudiants tendeixen a incrementar el rendiment acad\u00e8mic als centres escolars que tenen una biblioteca de qualitat dirigida per un bibliotecari.<br \/>\n<\/em><\/strong>[\/vc_column_text][\/vc_column_inner][vc_column_inner width=&#8221;1\/2&#8243;]<div class=\"stats-block stats-top  \"><div class=\"aio-icon-top\"><div class=\"ult-just-icon-wrapper  \"><div class=\"align-icon\" style=\"text-align:center;\">\n<div class=\"aio-icon none \" data-animation=\"swing\" data-animation-delay=\"03\" style=\"color:#2a9675;font-size:32px;display:inline-block;\">\n\t<i class=\"Defaults-line-chart\"><\/i>\n<\/div><\/div><\/div><\/div><div class=\"stats-desc\" id=\"counter-responsv-wrap-7728\"><div id=\"counter_278138054069f5b2fd01da2\" data-id=\"counter_278138054069f5b2fd01da2\"  data-ultimate-target='#counter-responsv-wrap-7728 .stats-number'  data-responsive-json-new='{\"font-size\":\"desktop:75px;\",\"line-height\":\"desktop:80px;\"}'  class=\"stats-number ult-responsive\" style=\" color:#2a9675; color:#626262;\" data-speed=\"8\" data-counter-value=\"15\" data-separator=\",\" data-decimal=\".\">0<\/div><div class=\"counter_suffix mycust ult-responsive\"  data-ultimate-target='#counter-responsv-wrap-7728 .mycust'  data-responsive-json-new='{\"font-size\":\"\",\"line-height\":\"\"}'  style=\" color:\">%<\/div><div id=\"counter_278138054069f5b2fd01da2\"  data-ultimate-target='#counter-responsv-wrap-7728 .stats-text'  data-responsive-json-new='{\"font-size\":\"desktop:25px;\",\"line-height\":\"desktop:30px;\"}'  class=\"stats-text ult-responsive\" style=\"font-size:px; color:#2a9675; \">Millora<\/div><\/div><\/div>[\/vc_column_inner][\/vc_row_inner][\/vc_column][\/vc_row][vc_row][vc_column]<div class=\"ult-spacer spacer-69f5b2fd01db7\" data-id=\"69f5b2fd01db7\" data-height=\"70\" data-height-mobile=\"30\" data-height-tab=\"50\" data-height-tab-portrait=\"50\" data-height-mobile-landscape=\"30\" style=\"clear:both;display:block;\"><\/div>[\/vc_column][\/vc_row][vc_row acw=&#8221;0&#8243; bg_type=&#8221;image&#8221; parallax_style=&#8221;vcpb-default&#8221; bg_image_new=&#8221;id^4480|url^http:\/\/www.cobdc.net\/gtbescolars\/wp-content\/uploads\/2022\/10\/Entrevista-de-feina-1.jpg|caption^null|alt^Contractaci\u00f3|title^Contractaci\u00f3|description^null&#8221; bg_image_repeat=&#8221;no-repeat&#8221; css=&#8221;.vc_custom_1665336690718{margin-bottom: 0px !important;}&#8221;][vc_column width=&#8221;1\/2&#8243;][\/vc_column][vc_column width=&#8221;1\/2&#8243; css=&#8221;.vc_custom_1456464781538{background-color: rgba(255,255,255,0.95) !important;*background-color: rgb(255,255,255) !important;}&#8221;][vc_row_inner el_class=&#8221;welcome-max&#8221; css=&#8221;.vc_custom_1457549157769{margin: 0px !important;padding: 0px !important;}&#8221;][vc_column_inner][vc_column_text css_animation=&#8221;right-to-left&#8221; css=&#8221;.vc_custom_1666544726979{margin-top: 20px !important;}&#8221;]\n<h3 style=\"margin: 0px;\">CONTRACTACI\u00d3<\/h3>\n<h4 class=\"color-text\" style=\"margin-top: 0px; margin-bottom: 20px;\"><span style=\"color: #2a9675;\">T&#8217;expliquem d&#8217;una forma senzilla<\/span><br \/>\n<span style=\"color: #2a9675;\">com contractar personal bibliotecari<\/span><\/h4>\n<p style=\"text-align: justify;\">La difer\u00e8ncia principal del procediment rau en la titularitat del centre educatiu: p\u00fablic, privat o concertat.<\/p>\n<h5 style=\"text-align: justify;\"><span style=\"color: #2a9675;\">Centre p\u00fablic<\/span><\/h5>\n<p style=\"text-align: justify;\">Un centre p\u00fablic extraordin\u00e0riament pot contractar personal a excepci\u00f3 de personal aut\u00f2nom. Recordem per\u00f2, que el personal bibliotecari escolar, molt excepcionalment pot ser aut\u00f2nom, ja que gaireb\u00e9 sempre tindr\u00e0 un horari i un lloc de feina f\u00edsic fixos (condicions que comportarien un frau de llei en cas de ser contractat com a aut\u00f2nom -all\u00f2 que es coneix com a fals aut\u00f2nom-). Si la relaci\u00f3 contractual t\u00e9 com a objectiu unes intervencions puntuals i t\u00e0ctiques a la biblioteca, amb uns objectius i temps determinat, s\u00ed que seria possible. Per exemple: 3 mesos per catalogar, 1 mes per fer esporgada, etc.. Per\u00f2 en aquest cas les tasques seran exclusivament aquestes.<\/p>\n<p style=\"text-align: justify;\">Per tant un bibliotecari escolar sempre haur\u00e0 de ser contractat mitjan\u00e7ant l\u2019AFA. Si aquesta ja t\u00e9 algun treballador contractat directament, ja coneixer\u00e0 el procediment; en cas contrari s\u2019han de contractar els serveis d\u2019una assessoria laboral que gestionar\u00e0 tots els tr\u00e0mits relacionats amb les administracions p\u00fabliques, derivades de tenir contractat personal: quotes de la Seguretat Social, contractes, impostos, comunicaci\u00f3 de baixes i altes, etc.<\/p>\n<p style=\"text-align: justify;\">Alguna informaci\u00f3 pr\u00e8via que us pot ser \u00fatil \u00e9s la seg\u00fcent:<\/p>\n<ul style=\"text-align: justify;\">\n<li>Perqu\u00e8 un AFA pugui contractar personal, l\u2019\u00fanic que necessita \u00e9s donar-se d\u2019alta i pagar anualment l\u2019<a href=\"https:\/\/sede.agenciatributaria.gob.es\/Sede\/declaraciones-informativas-otros-impuestos-tasas\/impuesto-sobre-actividades-economicas.html\">IAE (Impost d\u2019activitat econ\u00f2mica)<\/a>.<\/li>\n<li>El personal bibliotecari contractat per les AFA estar\u00e0 sota les condicions establertes al <a href=\"https:\/\/cido.diba.cat\/convenis_collectius\/10985\/sector-del-lleure-educatiu-i-sociocultural\">Conveni col\u00b7lectiu del sector del lleure educatiu i sociocultural de Catalunya<\/a>.<\/li>\n<li>Dins d\u2019aquest conveni, sempre que aquesta persona tingui la formaci\u00f3 superior adient i faci tasques t\u00e8cniques, ser\u00e0 considerat personal del<em> Grup II. Personal de gesti\u00f3 i coordinaci\u00f3<\/em>. Concretament el subgrup <em>Director\/a de programes, projectes i equipaments<\/em>.<\/li>\n<li>El cost de contractar un bibliotecari a un AFA li suposar\u00e0 un total\/hora de 15,57\u20ac, aproximadament, tenint en compte les<a href=\"https:\/\/portaldogc.gencat.cat\/utilsEADOP\/PDF\/8639\/1899141.pdf\"> taules salarials d&#8217;aquest conveni actualitzades l\u2019any 2022<\/a>. A aquest brut se l\u2019hi ha de sumar la quota mensual de l\u2019assessoria laboral, que est\u00e0 al voltant d\u2019uns 50\u20ac mensuals per realitzar tots els tr\u00e0mits administratius derivats de tenir un treballador contractat: n\u00f2mines, altes, baixes, etc.<\/li>\n<\/ul>\n<h5 style=\"text-align: justify;\"><span style=\"color: #2a9675;\">Centre privats i concertats<\/span><\/h5>\n<p style=\"text-align: justify;\">Al contrari que als centres p\u00fablics, la legislaci\u00f3 actual si que permet contractar personal de forma directa als centres privats i concertats. Nom\u00e9s cal consultar els convenis laborals corresponents (<a href=\"https:\/\/cido.diba.cat\/convenis_collectius\/17255\/ensenyament-privat-reglat-no-concertat-de-catalunya\">privada<\/a> | <a href=\"https:\/\/cido.diba.cat\/convenis_collectius\/9494\/ensenyament-privat-de-catalunya\">concertada<\/a>), per veure que aquesta figura est\u00e0 recollida, aix\u00ed com les hores anuals a treballar, el sou corresponent i tota la resta de condicions. A nivell legal, el personal bibliotecari amb estudis superiors, sempre ser\u00e0 considerat del Grup 2. \u201cPersonal t\u00e8cnic&#8221; en el sector privat i &#8220;Personal titulat no docent&#8221; en el cas de la concertada. Sempre que les seves tasques laborals no siguin nom\u00e9s auxiliars.<\/p>\n[\/vc_column_text][\/vc_column_inner][\/vc_row_inner][\/vc_column][\/vc_row]\n<\/div>","protected":false},"excerpt":{"rendered":"<p>[vc_row bg_type=&#8221;image&#8221; parallax_style=&#8221;vcpb-default&#8221; bg_image_new=&#8221;id^4461|url^http:\/\/www.cobdc.net\/gtbescolars\/wp-content\/uploads\/2022\/10\/Contratacio.jpg|caption^null|alt^Encaixada de mans cap\u00e7alera|title^Contrataci\u00f3|description^null&#8221; bg_image_repeat=&#8221;no-repeat&#8221; bg_image_posiiton=&#8221;bottom top&#8221; enable_overlay=&#8221;enable_overlay_value&#8221; overlay_color=&#8221;rgba(10,10,10,0.7)&#8221; overlay_pattern=&#8221;transperant&#8221; css=&#8221;.vc_custom_1665300306943{margin-bottom: 0px !important;}&#8221; el_class=&#8221;mobile-pad&#8221;][vc_column css=&#8221;.vc_custom_1457639811633{padding-right: 0px !important;padding-left: 0px !important;}&#8221;][\/vc_column][\/vc_row][vc_row][vc_column][\/vc_column][\/vc_row][vc_row bg_type=&#8221;bg_color&#8221; css=&#8221;.vc_custom_1457541606695{margin-bottom: 0px !important;}&#8221; el_class=&#8221;mobile-pad&#8221;][vc_column width=&#8221;1\/2&#8243;][vc_column_text css_animation=&#8221;left-to-right&#8221; el_class=&#8221;text-right&#8221;] [&hellip;]<\/p>\n","protected":false},"author":2,"featured_media":0,"parent":0,"menu_order":0,"comment_status":"closed","ping_status":"closed","template":"template-homepage.php","meta":{"nf_dc_page":"","footnotes":""},"class_list":["post-4457","page","type-page","status-publish","hentry"],"jetpack_sharing_enabled":true,"_links":{"self":[{"href":"https:\/\/www.cobdc.net\/gtbescolars\/wp-json\/wp\/v2\/pages\/4457","targetHints":{"allow":["GET"]}}],"collection":[{"href":"https:\/\/www.cobdc.net\/gtbescolars\/wp-json\/wp\/v2\/pages"}],"about":[{"href":"https:\/\/www.cobdc.net\/gtbescolars\/wp-json\/wp\/v2\/types\/page"}],"author":[{"embeddable":true,"href":"https:\/\/www.cobdc.net\/gtbescolars\/wp-json\/wp\/v2\/users\/2"}],"replies":[{"embeddable":true,"href":"https:\/\/www.cobdc.net\/gtbescolars\/wp-json\/wp\/v2\/comments?post=4457"}],"version-history":[{"count":6,"href":"https:\/\/www.cobdc.net\/gtbescolars\/wp-json\/wp\/v2\/pages\/4457\/revisions"}],"predecessor-version":[{"id":4691,"href":"https:\/\/www.cobdc.net\/gtbescolars\/wp-json\/wp\/v2\/pages\/4457\/revisions\/4691"}],"wp:attachment":[{"href":"https:\/\/www.cobdc.net\/gtbescolars\/wp-json\/wp\/v2\/media?parent=4457"}],"curies":[{"name":"wp","href":"https:\/\/api.w.org\/{rel}","templated":true}]}}