{"id":3724,"date":"2016-10-08T17:17:11","date_gmt":"2016-10-08T17:17:11","guid":{"rendered":"http:\/\/greenassociatesaccountants.com\/dynamism\/?page_id=3724"},"modified":"2022-10-25T17:01:21","modified_gmt":"2022-10-25T17:01:21","slug":"home-social-activism","status":"publish","type":"page","link":"https:\/\/www.cobdc.net\/gtbescolars\/","title":{"rendered":"Inici"},"content":{"rendered":"<div class=\"wpb-content-wrapper\">[vc_row bg_type=&#8221;image&#8221; parallax_style=&#8221;vcpb-default&#8221; bg_image_new=&#8221;id^4670|url^http:\/\/www.cobdc.net\/gtbescolars\/wp-content\/uploads\/2022\/10\/2A9675.png|caption^null|alt^null|title^#2A9675|description^null&#8221; css=&#8221;.vc_custom_1666716501214{margin-bottom: 0px !important;border-bottom-width: 5px !important;border-bottom-color: #f5f5f5 !important;}&#8221; el_class=&#8221;mobile-pad&#8221;][vc_column width=&#8221;2\/3&#8243;][vc_column_text el_class=&#8221;text-black&#8221;]\n<h1 style=\"font-size: 48px line-height: 60px; font-weight: bold; letter-spacing: 0.01em;\"><span style=\"color: #ffffff;\"><b><i>REIVINDIQUEM EL DRET A TENIR BIBLIOTEQUES ESCOLARS DE QUALITAT<\/i><\/b><\/span><\/h1>\n<h3 style=\"margin-top: 20px; font-size: 28px line-height: 32px; letter-spacing: 0.02em;\"><span style=\"color: #ffffff;\">\u00c9S LLEI!<\/span><\/h3>\n[\/vc_column_text][\/vc_column][vc_column width=&#8221;1\/3&#8243;][\/vc_column][\/vc_row][vc_row bg_type=&#8221;image&#8221; parallax_style=&#8221;vcpb-default&#8221; bg_img_attach=&#8221;fixed&#8221; css=&#8221;.vc_custom_1661097291758{margin-bottom: 0px !important;}&#8221; el_class=&#8221;mobile-pad&#8221;][vc_column]<div class=\"ult-spacer spacer-69f5a199a7ad9\" data-id=\"69f5a199a7ad9\" data-height=\"70\" data-height-mobile=\"30\" data-height-tab=\"50\" data-height-tab-portrait=\"50\" data-height-mobile-landscape=\"30\" style=\"clear:both;display:block;\"><\/div>[vc_row_inner el_class=&#8221;text-center&#8221;][vc_column_inner width=&#8221;1\/6&#8243;][\/vc_column_inner][vc_column_inner width=&#8221;2\/3&#8243;][vc_column_text css=&#8221;.vc_custom_1661148830969{margin-bottom: 0px !important;}&#8221;]LA NOSTRA MISSI\u00d3[\/vc_column_text][vc_text_separator title=&#8221;&#8221; i_icon_fontawesome=&#8221;fas fa-flag-checkered&#8221; i_color=&#8221;custom&#8221; color=&#8221;custom&#8221; border_width=&#8221;2&#8243; el_width=&#8221;20&#8243; add_icon=&#8221;true&#8221; i_custom_color=&#8221;#2A9675&#8243; css=&#8221;.vc_custom_1661159940520{margin-top: 5px !important;margin-bottom: 5px !important;}&#8221;][vc_column_text css=&#8221;.vc_custom_1666605892227{margin-top: 0px !important;}&#8221;]Que tots els centres educatius de Catalunya disposin d\u2019una biblioteca escolar central amb prou recursos i hores d\u2019obertura per complir els seus objectius i funcions.[\/vc_column_text][\/vc_column_inner][vc_column_inner width=&#8221;1\/6&#8243;][\/vc_column_inner][\/vc_row_inner]<div class=\"ult-spacer spacer-69f5a199a7af7\" data-id=\"69f5a199a7af7\" data-height=\"50\" data-height-mobile=\"20\" data-height-tab=\"40\" data-height-tab-portrait=\"40\" data-height-mobile-landscape=\"20\" style=\"clear:both;display:block;\"><\/div>[vc_row_inner][vc_column_inner width=&#8221;1\/3&#8243;]<div class=\"aio-icon-component   service-block style_2\"><div id=\"Info-box-wrap-2082\" class=\"aio-icon-box left-icon\" style=\"\"  ><div class=\"aio-icon-left\"><div class=\"ult-just-icon-wrapper  \"><div class=\"align-icon\" style=\"text-align:center;\">\n<div class=\"aio-icon none \" data-animation=\"fadeIn\" data-animation-delay=\"03\" style=\"color:#bbbbbb;font-size:48px;display:inline-block;\">\n\t<i class=\"Defaults-heart-o\"><\/i>\n<\/div><\/div><\/div><\/div><div class=\"aio-ibd-block\"><div class=\"aio-icon-header\" ><h3 class=\"aio-icon-title ult-responsive\"  data-ultimate-target='#Info-box-wrap-2082 .aio-icon-title'  data-responsive-json-new='{\"font-size\":\"desktop:22px;\",\"line-height\":\"\"}'  style=\"\">Indispensables<\/h3><\/div> <!-- header --><div class=\"aio-icon-description ult-responsive\"  data-ultimate-target='#Info-box-wrap-2082 .aio-icon-description'  data-responsive-json-new='{\"font-size\":\"\",\"line-height\":\"\"}'  style=\"\">\n<p style=\"text-align: justify;\"><span style=\"font-weight: 400;\">La biblioteca \u00e9s el cor del centre educatiu. Com agent d\u2019equitat, formaci\u00f3 i acc\u00e9s a la cultura i el coneixement.<\/span><\/p>\n<\/div> <!-- description --><\/div> <!-- aio-ibd-block --><\/div> <!-- aio-icon-box --><\/div> <!-- aio-icon-component -->[\/vc_column_inner][vc_column_inner width=&#8221;1\/3&#8243;]<div class=\"aio-icon-component   service-block style_2\"><div id=\"Info-box-wrap-6394\" class=\"aio-icon-box left-icon\" style=\"\"  ><div class=\"aio-icon-left\"><div class=\"ult-just-icon-wrapper  \"><div class=\"align-icon\" style=\"text-align:center;\">\n<div class=\"aio-icon none \" data-animation=\"fadeIn\" data-animation-delay=\"03\" style=\"color:#bbbbbb;font-size:48px;display:inline-block;\">\n\t<i class=\"Defaults-file-text-o\"><\/i>\n<\/div><\/div><\/div><\/div><div class=\"aio-ibd-block\"><div class=\"aio-icon-header\" ><h3 class=\"aio-icon-title ult-responsive\"  data-ultimate-target='#Info-box-wrap-6394 .aio-icon-title'  data-responsive-json-new='{\"font-size\":\"desktop:22px;\",\"line-height\":\"\"}'  style=\"\">Imperatiu legal<\/h3><\/div> <!-- header --><div class=\"aio-icon-description ult-responsive\"  data-ultimate-target='#Info-box-wrap-6394 .aio-icon-description'  data-responsive-json-new='{\"font-size\":\"\",\"line-height\":\"\"}'  style=\"\">\n<p style=\"text-align: justify;\"><span style=\"font-weight: 400;\">Reclamem el compliment de l&#8217;obligatorietat legal dels centres educatius de tenir una biblioteca escolar al seu centre.<\/span><\/p>\n<\/div> <!-- description --><\/div> <!-- aio-ibd-block --><\/div> <!-- aio-icon-box --><\/div> <!-- aio-icon-component -->[\/vc_column_inner][vc_column_inner width=&#8221;1\/3&#8243;]<div class=\"aio-icon-component   service-block style_2\"><div id=\"Info-box-wrap-6164\" class=\"aio-icon-box left-icon\" style=\"\"  ><div class=\"aio-icon-left\"><div class=\"ult-just-icon-wrapper  \"><div class=\"align-icon\" style=\"text-align:center;\">\n<div class=\"aio-icon none \" data-animation=\"fadeIn\" data-animation-delay=\"03\" style=\"color:#bbbbbb;font-size:48px;display:inline-block;\">\n\t<i class=\"Defaults-close\"><\/i>\n<\/div><\/div><\/div><\/div><div class=\"aio-ibd-block\"><div class=\"aio-icon-header\" ><h3 class=\"aio-icon-title ult-responsive\"  data-ultimate-target='#Info-box-wrap-6164 .aio-icon-title'  data-responsive-json-new='{\"font-size\":\"desktop:22px;\",\"line-height\":\"\"}'  style=\"\">No-voluntarietat<\/h3><\/div> <!-- header --><div class=\"aio-icon-description ult-responsive\"  data-ultimate-target='#Info-box-wrap-6164 .aio-icon-description'  data-responsive-json-new='{\"font-size\":\"\",\"line-height\":\"\"}'  style=\"\">\n<p style=\"text-align: justify;\"><span style=\"font-weight: 400;\">Biblioteques de qualitat, rellevants i integrades als centres educatius, sense dependre del voluntariat d\u2019AMPA\/AFA o professorat.<\/span><\/p>\n<\/div> <!-- description --><\/div> <!-- aio-ibd-block --><\/div> <!-- aio-icon-box --><\/div> <!-- aio-icon-component -->[\/vc_column_inner][\/vc_row_inner][vc_row_inner][vc_column_inner width=&#8221;1\/3&#8243;]<div class=\"aio-icon-component   service-block style_2\"><div id=\"Info-box-wrap-7370\" class=\"aio-icon-box left-icon\" style=\"\"  ><div class=\"aio-icon-left\"><div class=\"ult-just-icon-wrapper  \"><div class=\"align-icon\" style=\"text-align:center;\">\n<div class=\"aio-icon none \" data-animation=\"fadeIn\" data-animation-delay=\"03\" style=\"color:#bbbbbb;font-size:48px;display:inline-block;\">\n\t<i class=\"Defaults-user\"><\/i>\n<\/div><\/div><\/div><\/div><div class=\"aio-ibd-block\"><div class=\"aio-icon-header\" ><h3 class=\"aio-icon-title ult-responsive\"  data-ultimate-target='#Info-box-wrap-7370 .aio-icon-title'  data-responsive-json-new='{\"font-size\":\"desktop:22px;\",\"line-height\":\"\"}'  style=\"\">\u00c9s un dret!<\/h3><\/div> <!-- header --><div class=\"aio-icon-description ult-responsive\"  data-ultimate-target='#Info-box-wrap-7370 .aio-icon-description'  data-responsive-json-new='{\"font-size\":\"\",\"line-height\":\"\"}'  style=\"\">\n<p style=\"text-align: justify;\"><span style=\"font-weight: 400;\">Vetllem pel compliment del dret dels infants i joves a gaudir d\u2019una biblioteca escolar de qualitat amb independ\u00e8ncia del centre educatiu on assisteixin.<\/span><\/p>\n<\/div> <!-- description --><\/div> <!-- aio-ibd-block --><\/div> <!-- aio-icon-box --><\/div> <!-- aio-icon-component -->[\/vc_column_inner][vc_column_inner width=&#8221;1\/3&#8243;]<div class=\"aio-icon-component   service-block style_2\"><div id=\"Info-box-wrap-8632\" class=\"aio-icon-box left-icon\" style=\"\"  ><div class=\"aio-icon-left\"><div class=\"ult-just-icon-wrapper  \"><div class=\"align-icon\" style=\"text-align:center;\">\n<div class=\"aio-icon none \" data-animation=\"fadeIn\" data-animation-delay=\"03\" style=\"color:#bbbbbb;font-size:48px;display:inline-block;\">\n\t<i class=\"Defaults-laptop\"><\/i>\n<\/div><\/div><\/div><\/div><div class=\"aio-ibd-block\"><div class=\"aio-icon-header\" ><h3 class=\"aio-icon-title ult-responsive\"  data-ultimate-target='#Info-box-wrap-8632 .aio-icon-title'  data-responsive-json-new='{\"font-size\":\"desktop:22px;\",\"line-height\":\"\"}'  style=\"\">M\u00e9s enll\u00e0 de la lectura<\/h3><\/div> <!-- header --><div class=\"aio-icon-description ult-responsive\"  data-ultimate-target='#Info-box-wrap-8632 .aio-icon-description'  data-responsive-json-new='{\"font-size\":\"\",\"line-height\":\"\"}'  style=\"\">\n<p style=\"text-align: justify;\"><span style=\"font-weight: 400;\">Defensem la inclusi\u00f3\/integraci\u00f3 de la biblioteca als projectes dels centres, i el seu paper en les compet\u00e8ncies, informacional, digital i medi\u00e0tica.<\/span><\/p>\n<\/div> <!-- description --><\/div> <!-- aio-ibd-block --><\/div> <!-- aio-icon-box --><\/div> <!-- aio-icon-component -->[\/vc_column_inner][vc_column_inner width=&#8221;1\/3&#8243;]<div class=\"aio-icon-component   service-block style_2\"><div id=\"Info-box-wrap-7358\" class=\"aio-icon-box left-icon\" style=\"\"  ><div class=\"aio-icon-left\"><div class=\"ult-just-icon-wrapper  \"><div class=\"align-icon\" style=\"text-align:center;\">\n<div class=\"aio-icon none \" data-animation=\"fadeIn\" data-animation-delay=\"03\" style=\"color:#bbbbbb;font-size:48px;display:inline-block;\">\n\t<i class=\"Defaults-graduation-cap\"><\/i>\n<\/div><\/div><\/div><\/div><div class=\"aio-ibd-block\"><div class=\"aio-icon-header\" ><h3 class=\"aio-icon-title ult-responsive\"  data-ultimate-target='#Info-box-wrap-7358 .aio-icon-title'  data-responsive-json-new='{\"font-size\":\"desktop:22px;\",\"line-height\":\"\"}'  style=\"\">Professionalitzaci\u00f3<\/h3><\/div> <!-- header --><div class=\"aio-icon-description ult-responsive\"  data-ultimate-target='#Info-box-wrap-7358 .aio-icon-description'  data-responsive-json-new='{\"font-size\":\"\",\"line-height\":\"\"}'  style=\"\">\n<p style=\"text-align: justify;\"><span style=\"font-weight: 400;\">Pensem que les persones que treballen a les biblioteques escolars han de disposar de la formaci\u00f3 i els recursos necessaris per a poder dur a terme la seva tasca amb \u00e8xit.<\/span><\/p>\n<\/div> <!-- description --><\/div> <!-- aio-ibd-block --><\/div> <!-- aio-icon-box --><\/div> <!-- aio-icon-component -->[\/vc_column_inner][\/vc_row_inner]<div class=\"ult-spacer spacer-69f5a199a7cec\" data-id=\"69f5a199a7cec\" data-height=\"70\" data-height-mobile=\"30\" data-height-tab=\"50\" data-height-tab-portrait=\"50\" data-height-mobile-landscape=\"30\" style=\"clear:both;display:block;\"><\/div>[\/vc_column][\/vc_row][vc_row css=&#8221;.vc_custom_1457544533566{margin-top: 0px !important;margin-right: 0px !important;margin-bottom: 0px !important;margin-left: 0px !important;}&#8221; el_class=&#8221;mobile-pad&#8221;][vc_column][vc_row_inner el_class=&#8221;text-center&#8221;][vc_column_inner width=&#8221;1\/6&#8243;][\/vc_column_inner][vc_column_inner width=&#8221;2\/3&#8243;][vc_column_text css=&#8221;.vc_custom_1661149802147{margin-bottom: 0px !important;}&#8221;]\n<h3>QU\u00c8 FEM?<\/h3>\n[\/vc_column_text][vc_text_separator title=&#8221;&#8221; i_icon_fontawesome=&#8221;fa fa-calendar&#8221; i_color=&#8221;custom&#8221; color=&#8221;custom&#8221; border_width=&#8221;2&#8243; el_width=&#8221;20&#8243; add_icon=&#8221;true&#8221; i_custom_color=&#8221;#2A9675&#8243; css=&#8221;.vc_custom_1476104608753{margin-top: 5px !important;margin-bottom: 5px !important;}&#8221;][vc_column_text css=&#8221;.vc_custom_1661150117300{margin-top: 0px !important;}&#8221;]Com a grup de treball especialitzat en biblioteques escolars, treballem en diverses l\u00ednies per aconseguir complir els nostres objectius.[\/vc_column_text][\/vc_column_inner][vc_column_inner width=&#8221;1\/6&#8243;][\/vc_column_inner][\/vc_row_inner]<div class=\"ult-spacer spacer-69f5a199a7cf9\" data-id=\"69f5a199a7cf9\" data-height=\"50\" data-height-mobile=\"20\" data-height-tab=\"40\" data-height-tab-portrait=\"40\" data-height-mobile-landscape=\"20\" style=\"clear:both;display:block;\"><\/div>[vc_row_inner][vc_column_inner width=&#8221;1\/3&#8243;]<div class=\"aio-icon-component   service-block style_2\"><div id=\"Info-box-wrap-1904\" class=\"aio-icon-box left-icon\" style=\"\"  ><div class=\"aio-icon-left\"><div class=\"ult-just-icon-wrapper  \"><div class=\"align-icon\" style=\"text-align:center;\">\n<div class=\"aio-icon none \" data-animation=\"fadeIn\" data-animation-delay=\"03\" style=\"color:#bbbbbb;font-size:48px;display:inline-block;\">\n\t<i class=\"Defaults-microphone\"><\/i>\n<\/div><\/div><\/div><\/div><div class=\"aio-ibd-block\"><div class=\"aio-icon-header\" ><h3 class=\"aio-icon-title ult-responsive\"  data-ultimate-target='#Info-box-wrap-1904 .aio-icon-title'  data-responsive-json-new='{\"font-size\":\"desktop:22px;\",\"line-height\":\"\"}'  style=\"\">Pressi\u00f3<\/h3><\/div> <!-- header --><div class=\"aio-icon-description ult-responsive\"  data-ultimate-target='#Info-box-wrap-1904 .aio-icon-description'  data-responsive-json-new='{\"font-size\":\"\",\"line-height\":\"\"}'  style=\"\">\n<p style=\"text-align: justify;\"><b><i>Convertim el Grup de Treball en una eina de pressi\u00f3 en defensa de les biblioteques escolars als centres educatius.<\/i><\/b><\/p>\n<\/div> <!-- description --><\/div> <!-- aio-ibd-block --><\/div> <!-- aio-icon-box --><\/div> <!-- aio-icon-component -->[\/vc_column_inner][vc_column_inner width=&#8221;1\/3&#8243;]<div class=\"aio-icon-component   service-block style_2\"><div id=\"Info-box-wrap-9245\" class=\"aio-icon-box left-icon\" style=\"\"  ><div class=\"aio-icon-left\"><div class=\"ult-just-icon-wrapper  \"><div class=\"align-icon\" style=\"text-align:center;\">\n<div class=\"aio-icon none \" data-animation=\"fadeIn\" data-animation-delay=\"03\" style=\"color:#bbbbbb;font-size:48px;display:inline-block;\">\n\t<i class=\"Defaults-trophy\"><\/i>\n<\/div><\/div><\/div><\/div><div class=\"aio-ibd-block\"><div class=\"aio-icon-header\" ><h3 class=\"aio-icon-title ult-responsive\"  data-ultimate-target='#Info-box-wrap-9245 .aio-icon-title'  data-responsive-json-new='{\"font-size\":\"desktop:22px;\",\"line-height\":\"\"}'  style=\"\">Posem en valor<\/h3><\/div> <!-- header --><div class=\"aio-icon-description ult-responsive\"  data-ultimate-target='#Info-box-wrap-9245 .aio-icon-description'  data-responsive-json-new='{\"font-size\":\"\",\"line-height\":\"\"}'  style=\"\">\n<p style=\"text-align: justify;\"><b><i>Planifiquem activitats que reconeixen el valor de les biblioteques escolars i els seus professionals.<\/i><\/b><\/p>\n<\/div> <!-- description --><\/div> <!-- aio-ibd-block --><\/div> <!-- aio-icon-box --><\/div> <!-- aio-icon-component -->[\/vc_column_inner][vc_column_inner width=&#8221;1\/3&#8243;]<div class=\"aio-icon-component   service-block style_2\"><div id=\"Info-box-wrap-2352\" class=\"aio-icon-box left-icon\" style=\"\"  ><div class=\"aio-icon-left\"><div class=\"ult-just-icon-wrapper  \"><div class=\"align-icon\" style=\"text-align:center;\">\n<div class=\"aio-icon none \" data-animation=\"fadeIn\" data-animation-delay=\"03\" style=\"color:#bbbbbb;font-size:48px;display:inline-block;\">\n\t<i class=\"Defaults-thumbs-o-up\"><\/i>\n<\/div><\/div><\/div><\/div><div class=\"aio-ibd-block\"><div class=\"aio-icon-header\" ><h3 class=\"aio-icon-title ult-responsive\"  data-ultimate-target='#Info-box-wrap-2352 .aio-icon-title'  data-responsive-json-new='{\"font-size\":\"desktop:22px;\",\"line-height\":\"\"}'  style=\"\">\u00c8xit<\/h3><\/div> <!-- header --><div class=\"aio-icon-description ult-responsive\"  data-ultimate-target='#Info-box-wrap-2352 .aio-icon-description'  data-responsive-json-new='{\"font-size\":\"\",\"line-height\":\"\"}'  style=\"\">\n<p style=\"text-align: justify;\"><strong>Difonem les bones pr\u00e0ctiques i els models d\u2019\u00e8xit de les biblioteques escolars, el grup de treball i la seva activitat.<\/strong><\/p>\n<\/div> <!-- description --><\/div> <!-- aio-ibd-block --><\/div> <!-- aio-icon-box --><\/div> <!-- aio-icon-component -->[\/vc_column_inner][\/vc_row_inner]<div class=\"ult-spacer spacer-69f5a199a7d74\" data-id=\"69f5a199a7d74\" data-height=\"70\" data-height-mobile=\"30\" data-height-tab=\"50\" data-height-tab-portrait=\"50\" data-height-mobile-landscape=\"30\" style=\"clear:both;display:block;\"><\/div>[\/vc_column][\/vc_row][vc_row bg_type=&#8221;image&#8221; parallax_style=&#8221;vcpb-default&#8221; bg_image_new=&#8221;id^4260|url^http:\/\/www.cobdc.net\/gtbescolars\/wp-content\/uploads\/2022\/10\/Disseny-sense-titol.png|caption^null|alt^Dades a una tauleta|title^null|description^null&#8221; bg_img_attach=&#8221;fixed&#8221; enable_overlay=&#8221;enable_overlay_value&#8221; overlay_color=&#8221;rgba(0,0,0,0.7)&#8221; overlay_pattern=&#8221;transperant&#8221; css=&#8221;.vc_custom_1664690060512{margin-bottom: 0px !important;}&#8221; el_class=&#8221;mobile-pad&#8221;][vc_column]<div class=\"ult-spacer spacer-69f5a199a7d7e\" data-id=\"69f5a199a7d7e\" data-height=\"90\" data-height-mobile=\"40\" data-height-tab=\"70\" data-height-tab-portrait=\"60\" data-height-mobile-landscape=\"40\" style=\"clear:both;display:block;\"><\/div>[vc_row_inner][vc_column_inner width=&#8221;1\/4&#8243;]<div class=\"stats-block stats-top  \"><div class=\"aio-icon-top\"><div class=\"ult-just-icon-wrapper  \"><div class=\"align-icon\" style=\"text-align:center;\">\n<div class=\"aio-icon none \" data-animation=\"swing\" data-animation-delay=\"03\" style=\"color:#e1e1e1;font-size:48px;display:inline-block;\">\n\t<i class=\"Defaults-area-chart\"><\/i>\n<\/div><\/div><\/div><\/div><div class=\"stats-desc\" id=\"counter-responsv-wrap-1587\"><div id=\"counter_71797977769f5a199a7dba\" data-id=\"counter_71797977769f5a199a7dba\"  data-ultimate-target='#counter-responsv-wrap-1587 .stats-number'  data-responsive-json-new='{\"font-size\":\"desktop:65px;\",\"line-height\":\"desktop:85px;\"}'  class=\"stats-number ult-responsive\" style=\" color:#ffffff; color:#2A9675;\" data-speed=\"3\" data-counter-value=\"43.2\" data-separator=\"none\" data-decimal=\".\">0<\/div><div id=\"counter_71797977769f5a199a7dba\"  data-ultimate-target='#counter-responsv-wrap-1587 .stats-text'  data-responsive-json-new='{\"font-size\":\"desktop:25px;\",\"line-height\":\"desktop:30px;\"}'  class=\"stats-text ult-responsive\" style=\"font-size:px; color:#ffffff; \">% de centres sense B.E.<\/div><\/div><\/div>[\/vc_column_inner][vc_column_inner width=&#8221;1\/4&#8243;]<div class=\"stats-block stats-top  \"><div class=\"aio-icon-top\"><div class=\"ult-just-icon-wrapper  \"><div class=\"align-icon\" style=\"text-align:center;\">\n<div class=\"aio-icon none \" data-animation=\"swing\" data-animation-delay=\"03\" style=\"color:#e1e1e1;font-size:48px;display:inline-block;\">\n\t<i class=\"Defaults-child\"><\/i>\n<\/div><\/div><\/div><\/div><div class=\"stats-desc\" id=\"counter-responsv-wrap-1879\"><div id=\"counter_196127374569f5a199a7ded\" data-id=\"counter_196127374569f5a199a7ded\"  data-ultimate-target='#counter-responsv-wrap-1879 .stats-number'  data-responsive-json-new='{\"font-size\":\"desktop:65px;\",\"line-height\":\"desktop:85px;\"}'  class=\"stats-number ult-responsive\" style=\" color:#ffffff; color:#2a9675;\" data-speed=\"3\" data-counter-value=\"1.62\" data-separator=\"none\" data-decimal=\".\">0<\/div><div id=\"counter_196127374569f5a199a7ded\"  data-ultimate-target='#counter-responsv-wrap-1879 .stats-text'  data-responsive-json-new='{\"font-size\":\"desktop:25px;\",\"line-height\":\"desktop:30px;\"}'  class=\"stats-text ult-responsive\" style=\"font-size:px; color:#ffffff; \">milions d'alumnes a Catalunya<\/div><\/div><\/div>[\/vc_column_inner][vc_column_inner width=&#8221;1\/4&#8243;]<div class=\"stats-block stats-top  \"><div class=\"aio-icon-top\"><div class=\"ult-just-icon-wrapper  \"><div class=\"align-icon\" style=\"text-align:center;\">\n<div class=\"aio-icon none \" data-animation=\"swing\" data-animation-delay=\"03\" style=\"color:#e1e1e1;font-size:48px;display:inline-block;\">\n\t<i class=\"Defaults-user\"><\/i>\n<\/div><\/div><\/div><\/div><div class=\"stats-desc\" id=\"counter-responsv-wrap-9510\"><div id=\"counter_146042445769f5a199a7e30\" data-id=\"counter_146042445769f5a199a7e30\"  data-ultimate-target='#counter-responsv-wrap-9510 .stats-number'  data-responsive-json-new='{\"font-size\":\"desktop:65px;\",\"line-height\":\"desktop:85px;\"}'  class=\"stats-number ult-responsive\" style=\" color:#ffffff; color:#2a9675;\" data-speed=\"3\" data-counter-value=\"137697\" data-separator=\"none\" data-decimal=\".\">0<\/div><div id=\"counter_146042445769f5a199a7e30\"  data-ultimate-target='#counter-responsv-wrap-9510 .stats-text'  data-responsive-json-new='{\"font-size\":\"desktop:25px;\",\"line-height\":\"desktop:30px;\"}'  class=\"stats-text ult-responsive\" style=\"font-size:px; color:#ffffff; \">docents<\/div><\/div><\/div>[\/vc_column_inner][vc_column_inner width=&#8221;1\/4&#8243;]<div class=\"stats-block stats-top  \"><div class=\"aio-icon-top\"><div class=\"ult-just-icon-wrapper  \"><div class=\"align-icon\" style=\"text-align:center;\">\n<div class=\"aio-icon none \" data-animation=\"swing\" data-animation-delay=\"03\" style=\"color:#e1e1e1;font-size:48px;display:inline-block;\">\n\t<i class=\"Defaults-group\"><\/i>\n<\/div><\/div><\/div><\/div><div class=\"stats-desc\" id=\"counter-responsv-wrap-7458\"><div id=\"counter_357749334369f5a199a7e61\" data-id=\"counter_357749334369f5a199a7e61\"  data-ultimate-target='#counter-responsv-wrap-7458 .stats-number'  data-responsive-json-new='{\"font-size\":\"desktop:65px;\",\"line-height\":\"desktop:85px;\"}'  class=\"stats-number ult-responsive\" style=\" color:#ffffff; color:#2a9675;\" data-speed=\"3\" data-counter-value=\"1.1\" data-separator=\"none\" data-decimal=\".\">0<\/div><div id=\"counter_357749334369f5a199a7e61\"  data-ultimate-target='#counter-responsv-wrap-7458 .stats-text'  data-responsive-json-new='{\"font-size\":\"desktop:25px;\",\"line-height\":\"desktop:30px;\"}'  class=\"stats-text ult-responsive\" style=\"font-size:px; color:#ffffff; \">milions de fam\u00edlies amb fills<\/div><\/div><\/div>[\/vc_column_inner][\/vc_row_inner]<div class=\"ult-spacer spacer-69f5a199a7e6d\" data-id=\"69f5a199a7e6d\" data-height=\"70\" data-height-mobile=\"40\" data-height-tab=\"60\" data-height-tab-portrait=\"60\" data-height-mobile-landscape=\"40\" style=\"clear:both;display:block;\"><\/div>[\/vc_column][\/vc_row][vc_row bg_type=&#8221;image&#8221; parallax_style=&#8221;vcpb-default&#8221; bg_image_new=&#8221;id^3836|url^https:\/\/wp.bwlthemes.com\/dynamism\/wp-content\/uploads\/2016\/10\/pattern_1.png|caption^null|alt^Volunteer|title^pattern_1|description^null&#8221; bg_img_attach=&#8221;fixed&#8221; enable_overlay=&#8221;enable_overlay_value&#8221; overlay_color=&#8221;rgba(42, 150, 117, 1)&#8221; overlay_pattern=&#8221;transperant&#8221; el_class=&#8221;mobile-pad&#8221; css=&#8221;.vc_custom_1476274580719{margin-bottom: 0px !important;}&#8221;][vc_column css=&#8221;.vc_custom_1457633059829{padding-right: 0px !important;padding-left: 0px !important;}&#8221;]<div class=\"ult-spacer spacer-69f5a199a7e79\" data-id=\"69f5a199a7e79\" data-height=\"40\" data-height-mobile=\"20\" data-height-tab=\"30\" data-height-tab-portrait=\"30\" data-height-mobile-landscape=\"20\" style=\"clear:both;display:block;\"><\/div>[vc_row_inner css=&#8221;.vc_custom_1457550223328{margin: 0px !important;padding: 0px !important;}&#8221;][vc_column_inner width=&#8221;3\/4&#8243;][vc_column_text css_animation=&#8221;left-to-right&#8221; el_class=&#8221;text-white&#8221; css=&#8221;.vc_custom_1664130829535{margin-top: 35px !important;margin-bottom: 30px !important;}&#8221;]\n<h3 style=\"font-weight: normal;\">Vols unir-te al nostre grup?<\/h3>\n<p>Uneix-te a nosaltres i millora les biblioteques escolars de Catalunya.[\/vc_column_text][\/vc_column_inner][vc_column_inner width=&#8221;1\/4&#8243;]<div class=\"ult-spacer spacer-69f5a199a7e86\" data-id=\"69f5a199a7e86\" data-height=\"20\" data-height-mobile=\"20\" data-height-tab=\"20\" data-height-tab-portrait=\"20\" data-height-mobile-landscape=\"20\" style=\"clear:both;display:block;\"><\/div><div class=\" vc_custom_1661161294266 ubtn-ctn-right \"><a class=\"ubtn-link ult-adjust-bottom-margin ubtn-right ubtn-custom \" href=\"https:\/\/www.cobdc.net\/gtbescolars\/contact\/\" ><button type=\"button\" id=\"ubtn-3197\"  class=\"ubtn ult-adjust-bottom-margin ult-responsive ubtn-custom ubtn-no-hover-bg  none  ubtn-right   tooltip-69f5a199a7e9f\"  data-hover=\"#ffffff\" data-border-color=\"#ffffff\" data-bg=\"#ffffff\" data-hover-bg=\"#2A9675\" data-border-hover=\"\" data-shadow-hover=\"\" data-shadow-click=\"none\" data-shadow=\"\" data-shd-shadow=\"\"  data-ultimate-target='#ubtn-3197'  data-responsive-json-new='{\"font-size\":\"desktop:16px;\",\"line-height\":\"desktop:24px;\"}'  style=\"font-weight:normal;width:150px;min-height:36px;padding:7px 10px;border-radius:0px;border-width:2px;border-color:#ffffff;border-style:solid;background: #ffffff;color: #2A9675;\"><span class=\"ubtn-data ubtn-icon\"><i class=\"none\" style=\"font-size:16px;color:#2A9675;\"><\/i><\/span><span class=\"ubtn-hover\" style=\"background-color:#2A9675\"><\/span><span class=\"ubtn-data ubtn-text \" >UNEIX-TE<\/span><\/button><\/a><\/div>[\/vc_column_inner][\/vc_row_inner]<div class=\"ult-spacer spacer-69f5a199a7ec7\" data-id=\"69f5a199a7ec7\" data-height=\"40\" data-height-mobile=\"20\" data-height-tab=\"30\" data-height-tab-portrait=\"30\" data-height-mobile-landscape=\"20\" style=\"clear:both;display:block;\"><\/div>[\/vc_column][\/vc_row][vc_row bg_type=&#8221;image&#8221; parallax_style=&#8221;vcpb-default&#8221; bg_image_new=&#8221;id^2615|url^https:\/\/wp.bwlthemes.com\/dynamism\/wp-content\/uploads\/2016\/01\/s10.jpg|caption^null|alt^Slide|title^s10|description^null&#8221; enable_overlay=&#8221;enable_overlay_value&#8221; overlay_color=&#8221;rgba(0,0,0,0.85)&#8221; css=&#8221;.vc_custom_1476281482582{margin-bottom: 0px !important;}&#8221; el_class=&#8221;mobile-pad&#8221;][vc_column]<div class=\"ult-spacer spacer-69f5a199a7ecf\" data-id=\"69f5a199a7ecf\" data-height=\"80\" data-height-mobile=\"30\" data-height-tab=\"50\" data-height-tab-portrait=\"50\" data-height-mobile-landscape=\"30\" style=\"clear:both;display:block;\"><\/div>[vc_row_inner el_class=&#8221;text-center&#8221;][vc_column_inner width=&#8221;1\/6&#8243;][\/vc_column_inner][vc_column_inner width=&#8221;2\/3&#8243;][vc_column_text css=&#8221;.vc_custom_1666548029111{margin-top: 0px !important;}&#8221; el_class=&#8221;text-white&#8221;]\n<h3 style=\"text-align: center;\">Fem-ho possible!<\/h3>\n<p>Creiem fermament que tota la comunitat educativa de Catalunya, alumnat, professorat i\/o fam\u00edlies, es mereixen unes biblioteques escolars que impactin i millorin en el seu proc\u00e9s d&#8217;aprenentatge, la seva doc\u00e8ncia i la seva crian\u00e7a.[\/vc_column_text][\/vc_column_inner][vc_column_inner width=&#8221;1\/6&#8243;][\/vc_column_inner][\/vc_row_inner]<div class=\"ult-spacer spacer-69f5a199a7ed8\" data-id=\"69f5a199a7ed8\" data-height=\"10\" data-height-mobile=\"10\" data-height-tab=\"10\" data-height-tab-portrait=\"10\" data-height-mobile-landscape=\"210\" style=\"clear:both;display:block;\"><\/div>[vc_row_inner el_class=&#8221;text-white&#8221;][vc_column_inner width=&#8221;1\/3&#8243;][vc_column_text]\n<h3 class=\"footer-widget-header-h3\">Enlla\u00e7os d&#8217;inter\u00e8s<\/h3>\n<ul class=\"footer-useful-links2\">\n<li><a href=\"https:\/\/xtec.gencat.cat\/ca\/projectes\/biblioteca\/puntedu\/\">Programa Puntedu<\/a><\/li>\n<li><a href=\"https:\/\/projectes.xtec.cat\/bescat\/\">Bescat. Xarxa de BBEE de Catalunya<\/a><\/li>\n<li><a href=\"http:\/\/grupbibliomedia.blogspot.com\/\">Bibliom\u00e8dia<\/a><\/li>\n<\/ul>\n[\/vc_column_text][\/vc_column_inner][vc_column_inner width=&#8221;1\/3&#8243;][vc_column_text]\n<h3 class=\"footer-widget-header-h3\">Contacte<\/h3>\n<p><i class=\"fa fa-location-arrow fa-footer\"><\/i>Via Augusta 56, 08006 Barcelona<\/p>\n<p><i class=\"fa fa-phone fa-footer\"><\/i>93 319 76 75<\/p>\n<p><i class=\"fa fa-envelope fa-footer\"><\/i>bibliotecaescolar@cobdc.org[\/vc_column_text][\/vc_column_inner][vc_column_inner width=&#8221;1\/3&#8243;][vc_column_text]\n<h3 class=\"footer-widget-header-h3\">Xarxes Socials<\/h3>\n<p><i class=\"fa fa-twitter fa-footer\"><\/i><a href=\"https:\/\/twitter.com\/GTBescolars\">@GTBescolars<\/a>[\/vc_column_text][\/vc_column_inner][\/vc_row_inner]<div class=\"ult-spacer spacer-69f5a199a7ee0\" data-id=\"69f5a199a7ee0\" data-height=\"70\" data-height-mobile=\"20\" data-height-tab=\"40\" data-height-tab-portrait=\"40\" data-height-mobile-landscape=\"20\" style=\"clear:both;display:block;\"><\/div>[\/vc_column][\/vc_row]\n<\/div>","protected":false},"excerpt":{"rendered":"<p>[vc_row bg_type=&#8221;image&#8221; parallax_style=&#8221;vcpb-default&#8221; bg_image_new=&#8221;id^4670|url^http:\/\/www.cobdc.net\/gtbescolars\/wp-content\/uploads\/2022\/10\/2A9675.png|caption^null|alt^null|title^#2A9675|description^null&#8221; css=&#8221;.vc_custom_1666716501214{margin-bottom: 0px !important;border-bottom-width: 5px !important;border-bottom-color: #f5f5f5 !important;}&#8221; el_class=&#8221;mobile-pad&#8221;][vc_column width=&#8221;2\/3&#8243;][vc_column_text el_class=&#8221;text-black&#8221;] REIVINDIQUEM EL DRET A TENIR BIBLIOTEQUES ESCOLARS DE QUALITAT \u00c9S LLEI! [\/vc_column_text][\/vc_column][vc_column width=&#8221;1\/3&#8243;][\/vc_column][\/vc_row][vc_row bg_type=&#8221;image&#8221; parallax_style=&#8221;vcpb-default&#8221; bg_img_attach=&#8221;fixed&#8221; [&hellip;]<\/p>\n","protected":false},"author":2,"featured_media":0,"parent":0,"menu_order":0,"comment_status":"closed","ping_status":"closed","template":"template-custom-bottom.php","meta":{"nf_dc_page":"","footnotes":""},"class_list":["post-3724","page","type-page","status-publish","hentry"],"jetpack_sharing_enabled":true,"_links":{"self":[{"href":"https:\/\/www.cobdc.net\/gtbescolars\/wp-json\/wp\/v2\/pages\/3724","targetHints":{"allow":["GET"]}}],"collection":[{"href":"https:\/\/www.cobdc.net\/gtbescolars\/wp-json\/wp\/v2\/pages"}],"about":[{"href":"https:\/\/www.cobdc.net\/gtbescolars\/wp-json\/wp\/v2\/types\/page"}],"author":[{"embeddable":true,"href":"https:\/\/www.cobdc.net\/gtbescolars\/wp-json\/wp\/v2\/users\/2"}],"replies":[{"embeddable":true,"href":"https:\/\/www.cobdc.net\/gtbescolars\/wp-json\/wp\/v2\/comments?post=3724"}],"version-history":[{"count":5,"href":"https:\/\/www.cobdc.net\/gtbescolars\/wp-json\/wp\/v2\/pages\/3724\/revisions"}],"predecessor-version":[{"id":4736,"href":"https:\/\/www.cobdc.net\/gtbescolars\/wp-json\/wp\/v2\/pages\/3724\/revisions\/4736"}],"wp:attachment":[{"href":"https:\/\/www.cobdc.net\/gtbescolars\/wp-json\/wp\/v2\/media?parent=3724"}],"curies":[{"name":"wp","href":"https:\/\/api.w.org\/{rel}","templated":true}]}}